{"id":765,"date":"2025-05-14T09:31:52","date_gmt":"2025-05-14T09:31:52","guid":{"rendered":"https:\/\/reuzado.nl\/?page_id=765"},"modified":"2025-08-01T14:08:30","modified_gmt":"2025-08-01T14:08:30","slug":"recyclage-dordinateurs-portables","status":"publish","type":"page","link":"https:\/\/reuzado.nl\/fr\/services-de-solutions\/approvisionnement-en-tic\/it-recyclage\/recyclage-dordinateurs-portables\/","title":{"rendered":"Recyclage d'ordinateurs portables"},"content":{"rendered":"<div  class=\"section section-pageheader-detail  has-no-bg has-no-pattern\">\n        <div class=\"container\">\n            <div class=\"holder\">\n                                    <div class=\"background-image\">\n                        <img decoding=\"async\" src=\"https:\/\/reuzado.nl\/app\/uploads\/2025\/06\/Reuzado-9630-scaled.jpg\" alt=\"Recyclage d&#039;ordinateurs portables\">\n                    <\/div>\n                \n                                    <div class=\"content\">\n                        <h1>Recyclage d'ordinateurs portables<\/h1>\n\n                                                    <div class=\"rank-math-breadcrumbs\">\n                                <nav aria-label=\"chapelure\" class=\"rank-math-breadcrumb\"><p><span class=\"last\">Accueil<\/span><\/p><\/nav>                            <\/div>\n                                            <\/div>\n                \n                            <\/div>\n        <\/div>\n    <\/div>\n\n\n        <div  class=\"section section-content has-no-bg has-no-pattern\">\n                        <div class=\"container\">\n                <div class=\"content-holder\">\n                    <div class=\"content\">\n                        <div class=\"inner\">\n                            <p>Retourner des ordinateurs portables usag\u00e9s ? Nous assurons un traitement s\u00fbr, rapide et respectueux de l'environnement des ordinateurs portables mis au rebut. Qu'il s'agisse de quelques pi\u00e8ces ou d'un lot complet d'\u00e9quipements professionnels, nous organisons le recyclage des ordinateurs portables de A \u00e0 Z. Il comprend la destruction certifi\u00e9e des donn\u00e9es et un rapport clair.<\/p>\n                                                                                                <div class=\"button-holder\">\n                                                                                    <a href=\"https:\/\/reuzado.nl\/fr\/demander-un-devis\/\"\n                                                target=\"_self\"\n                                                class=\"button\">Demande de devis<\/a>\n                                                                                                                            <a href=\"https:\/\/reuzado.nl\/fr\/contact\/\"\n                                                target=\"_self\"\n                                                class=\"button\">Prendre contact<\/a>\n                                                                                                                    <\/div>\n                                                                                    <\/div>\n                    <\/div>\n                <\/div>\n            <\/div>\n        <\/div>\n\n    \n\n        <div  class=\"section section-block-cards has-bg-lightblue has-pattern-blue\">\n            \n            <div class=\"container\">\n                <div class=\"holder\">\n                    <div class=\"content-holder\">\n                        <h2>Recyclage des ordinateurs portables : comment fonctionne le processus de recyclage ?<\/h2>\n<p>Un vieil ordinateur portable peut avoir l'air jet\u00e9, mais il contient encore des mat\u00e9riaux pr\u00e9cieux et des informations sensibles pour la protection de la vie priv\u00e9e. En recyclant les ordinateurs portables de mani\u00e8re professionnelle, vous \u00e9vitez la perte de donn\u00e9es et contribuez \u00e0 l'\u00e9conomie circulaire. Pensez aux m\u00e9taux tels que le cuivre et l'aluminium, mais aussi aux substances nocives qui doivent \u00eatre trait\u00e9es en toute s\u00e9curit\u00e9.<\/p>\n<p>Le recyclage des ordinateurs portables est \u00e9galement impos\u00e9 par la loi : les \u00e9quipements \u00e9lectroniques ne sont pas autoris\u00e9s dans les d\u00e9chets r\u00e9siduels. Nous veillons \u00e0 ce que vous respectiez toutes les r\u00e9glementations - sans regarder en arri\u00e8re.<\/p>\n\n                                            <\/div>\n\n                    <div class=\"block-holder\">\n                                                    <div class=\"blocks\">\n                                                                                                            <div class=\"column\">\n                                                                                            <div class=\"block\">\n                                                    <div class=\"inner\">\n                                                        <h3>1. Enregistrement de votre \u00e9quipement<\/h3>\n<p><span style=\"font-weight: 400\">Envoyez-nous une liste de vos anciens ordinateurs portables ou contactez-nous directement. Nous discuterons de ce qui doit \u00eatre collect\u00e9 et des \u00e9ventuelles exigences suppl\u00e9mentaires, telles que la destruction des donn\u00e9es sur place.<\/span><\/p>\n                                                                                                            <\/div>\n                                                <\/div>\n                                                                                            <div class=\"block\">\n                                                    <div class=\"inner\">\n                                                        <h3>2. Collecte avec transport s\u00e9curis\u00e9<\/h3>\n<p><span style=\"font-weight: 400\">Nous r\u00e9cup\u00e9rons les ordinateurs portables \u00e0 l'endroit et au moment qui vous conviennent, en toute s\u00e9curit\u00e9 et en toute discr\u00e9tion. De grandes quantit\u00e9s ? Pas de probl\u00e8me.<\/span><\/p>\n                                                                                                            <\/div>\n                                                <\/div>\n                                                                                    <\/div>\n                                                                                                                                                <div class=\"column\">\n                                                                                            <div class=\"block\">\n                                                    <div class=\"inner\">\n                                                        <h3>3. Enregistrement et traitement<\/h3>\n<p><span style=\"font-weight: 400\">Tous les ordinateurs portables sont enregistr\u00e9s et contr\u00f4l\u00e9s \u00e0 leur arriv\u00e9e. Les appareils en \u00e9tat de marche sont pr\u00e9par\u00e9s pour \u00eatre r\u00e9utilis\u00e9s ; les pi\u00e8ces d\u00e9fectueuses sont \u00e9limin\u00e9es dans le respect de l'environnement.<\/span><\/p>\n                                                                                                            <\/div>\n                                                <\/div>\n                                                                                            <div class=\"block\">\n                                                    <div class=\"inner\">\n                                                        <h3>4. Destruction compl\u00e8te des donn\u00e9es<\/h3>\n<p><span style=\"font-weight: 400\">Les supports de stockage sont effac\u00e9s par logiciel ou d\u00e9truits physiquement, selon votre choix. Vous recevez toujours un certificat officiel de destruction des donn\u00e9es.<\/span><\/p>\n                                                                                                            <\/div>\n                                                <\/div>\n                                                                                            <div class=\"block\">\n                                                    <div class=\"inner\">\n                                                        <h3>5. Rapports et preuves<\/h3>\n<p><span style=\"font-weight: 400\">Vous recevrez ensuite un rapport clair, comprenant les num\u00e9ros de s\u00e9rie des supports de stockage d\u00e9truits et des appareils trait\u00e9s.<\/span><\/p>\n                                                                                                            <\/div>\n                                                <\/div>\n                                                                                    <\/div>\n                                                                                                <\/div>\n                                            <\/div>\n                <\/div>\n            <\/div>\n        <\/div>\n    \n\n\n    <div         class=\"section section-image-content  has-no-bg has-no-pattern\">\n        <div class=\"holder\">\n            <div class=\"image-holder\">\n                                        <div class=\"column\">\n                            <div class=\"image-wrapper\">\n                                <img decoding=\"async\" src=\"https:\/\/reuzado.nl\/app\/uploads\/2025\/06\/Reuzado-9564-scaled.jpg\" alt=\"Recyclage des t\u00e9l\u00e9phones\">\n                            <\/div>\n                        <\/div>\n                                                                <div class=\"column\">\n                                                            <div class=\"image-wrapper\">\n                                    <img decoding=\"async\" src=\"https:\/\/reuzado.nl\/app\/uploads\/2025\/06\/Reuzado-9503-scaled.jpg\" alt=\"\">\n                                <\/div>\n                                                                                        <div class=\"image-wrapper\">\n                                    <img decoding=\"async\" src=\"https:\/\/reuzado.nl\/app\/uploads\/2025\/06\/Reuzado-9701-scaled.jpg\" alt=\"rachat de cisco\">\n                                <\/div>\n                                                    <\/div>\n                                                                    <\/div>\n            <div class=\"image-holder-mobile\">\n                                        <div class=\"column\">\n                            <div class=\"image-wrapper\">\n                                <img decoding=\"async\" src=\"https:\/\/reuzado.nl\/app\/uploads\/2025\/06\/Reuzado-9564-scaled.jpg\" alt=\"Recyclage des t\u00e9l\u00e9phones\">\n                            <\/div>\n                        <\/div>\n                                                                <div class=\"column\">\n                                                            <div class=\"image-wrapper\">\n                                    <img decoding=\"async\" src=\"https:\/\/reuzado.nl\/app\/uploads\/2025\/06\/Reuzado-9503-scaled.jpg\" alt=\"\">\n                                <\/div>\n                                                                                        <div class=\"image-wrapper\">\n                                    <img decoding=\"async\" src=\"https:\/\/reuzado.nl\/app\/uploads\/2025\/06\/Reuzado-9701-scaled.jpg\" alt=\"rachat de cisco\">\n                                <\/div>\n                                                    <\/div>\n                                                                    <\/div>\n            <div class=\"content-holder\">\n                <div class=\"inner\">\n                                            <h2>Destruction des donn\u00e9es lors du recyclage des ordinateurs portables<\/h2>\n<p>Les ordinateurs portables stockent souvent plus d'informations qu'on ne le pense, qu'il s'agisse de fichiers personnels, d'e-mails, de donn\u00e9es clients, de mots de passe ou d'informations commerciales sensibles. M\u00eame lorsqu'un appareil est rest\u00e9 inutilis\u00e9 dans un placard pendant des ann\u00e9es, des traces de donn\u00e9es peuvent encore \u00eatre pr\u00e9sentes sur le disque dur ou le disque SSD. C'est pourquoi nous accordons une grande importance \u00e0 la destruction professionnelle et certifi\u00e9e des donn\u00e9es lors de chaque recyclage. Vos donn\u00e9es sont enti\u00e8rement supprim\u00e9es de mani\u00e8re s\u00fbre et v\u00e9rifiable, de sorte que vous pouvez dire adieu \u00e0 votre vieil ordinateur portable en toute s\u00e9r\u00e9nit\u00e9.<\/p>\n                    \n                                    <\/div>\n            <\/div>\n        <\/div>\n    <\/div>\n\n\n        <div  class=\"section section-content two-columns has-no-bg has-no-pattern\">\n            <div class=\"container\">\n                <div class=\"content-holder\">\n                                            <div class=\"column\">\n                            <div class=\"content\">\n                                <h3>Destruction par logiciel avec certificat<\/h3>\n<p>Lorsqu'un ordinateur portable fonctionne encore, nous pouvons effacer les donn\u00e9es de mani\u00e8re s\u00fbre et permanente \u00e0 l'aide d'un logiciel certifi\u00e9. Cela se fait par un processus d'\u00e9crasement complet, rempla\u00e7ant toutes les donn\u00e9es stock\u00e9es plusieurs fois, ce qui rend toute r\u00e9cup\u00e9ration impossible. Pour ce service, nous utilisons Blancco, une norme internationalement reconnue en mati\u00e8re d'effacement de donn\u00e9es. Blancco r\u00e9pond \u00e0 des exigences strictes et est recommand\u00e9 par l'OTAN, l'AIVD, l'ANSSI et le T\u00dcV, entre autres.<br \/>\nCette m\u00e9thode est non seulement s\u00fbre, mais aussi durable : l'ordinateur portable lui-m\u00eame reste utilisable et, dans de nombreux cas, peut avoir une seconde vie. Vous recevrez ensuite un rapport d\u00e9taill\u00e9 avec les num\u00e9ros de s\u00e9rie des appareils effac\u00e9s et un certificat officiel de destruction comme preuve irr\u00e9futable.<\/p>\n                            <\/div>\n                        <\/div>\n                                        <div class=\"column\">\n                        <div class=\"content\">\n                            <h3>Destruction physique des supports de stockage<\/h3>\n<p>L'ordinateur portable est endommag\u00e9, obsol\u00e8te ou contient des informations sensibles qui ne doivent absolument pas \u00eatre divulgu\u00e9es ? Dans ce cas, nous optons pour la destruction physique du support de stockage. Dans ce cas, le disque dur interne ou le disque SSD est rendu totalement inutilisable \u00e0 l'aide d'un broyeur industriel, qui r\u00e9duit le support de stockage en petits fragments illisibles.<br \/>\nCette m\u00e9thode est appliqu\u00e9e dans notre centre de traitement hautement s\u00e9curis\u00e9, mais si n\u00e9cessaire, nous pouvons \u00e9galement assurer la destruction physique sur place, dans les locaux du client - par exemple, pour les organisations ayant des exigences \u00e9lev\u00e9es en mati\u00e8re de protection de la vie priv\u00e9e ou des obligations de conformit\u00e9 sp\u00e9cifiques. Bien entendu, vous recevrez \u00e9galement un certificat de destruction dans ce cas, ce qui vous permettra de contr\u00f4ler et de prouver la s\u00e9curit\u00e9 de vos donn\u00e9es.<\/p>\n<p>Avec ces deux m\u00e9thodes, nous garantissons que vos donn\u00e9es confidentielles ne tombent jamais entre de mauvaises mains.<\/p>\n                                                    <\/div>\n                    <\/div>\n                <\/div>\n            <\/div>\n        <\/div>\n\n    \n\n    <div  class=\"section section-images-slider has-no-padding-bottom-d has-no-padding-bottom-m has-no-bg has-no-pattern\">\n        \n                    <div class=\"slider-container\">\n                <div class=\"slider-track\">\n                                            <div class=\"slide\">\n                            <img decoding=\"async\" src=\"https:\/\/reuzado.nl\/app\/uploads\/2025\/06\/Reuzado-9564-scaled.jpg\" alt=\"Recyclage des t\u00e9l\u00e9phones\">\n                        <\/div>\n                                            <div class=\"slide\">\n                            <img decoding=\"async\" src=\"https:\/\/reuzado.nl\/app\/uploads\/2025\/06\/Reuzado-9648-scaled.jpg\" alt=\"\">\n                        <\/div>\n                                            <div class=\"slide\">\n                            <img decoding=\"async\" src=\"https:\/\/reuzado.nl\/app\/uploads\/2025\/06\/Reuzado-9597-scaled.jpg\" alt=\"acheter des ordinateurs\">\n                        <\/div>\n                                            <div class=\"slide\">\n                            <img decoding=\"async\" src=\"https:\/\/reuzado.nl\/app\/uploads\/2025\/06\/Reuzado-9503-scaled.jpg\" alt=\"\">\n                        <\/div>\n                                            <div class=\"slide\">\n                            <img decoding=\"async\" src=\"https:\/\/reuzado.nl\/app\/uploads\/2025\/06\/Reuzado-9701-scaled.jpg\" alt=\"rachat de cisco\">\n                        <\/div>\n                                    <\/div>\n            <\/div>\n            <\/div>\n\n\n        <div  class=\"section section-content two-columns has-bg-lightblue has-no-pattern\">\n            <div class=\"container\">\n                <div class=\"content-holder\">\n                                            <div class=\"column\">\n                            <div class=\"content\">\n                                <h4>Traitement responsable des ordinateurs portables d\u00e9pr\u00e9ci\u00e9s<\/h4>\n<p>Il n'est pas n\u00e9cessaire de d\u00e9truire imm\u00e9diatement tous les ordinateurs portables. De nombreux appareils sont encore techniquement en bon \u00e9tat et peuvent avoir une seconde vie. Nous \u00e9valuons la possibilit\u00e9 de r\u00e9utiliser chaque ordinateur portable. Les exemples appropri\u00e9s sont nettoy\u00e9s et pr\u00e9par\u00e9s en vue d'une r\u00e9utilisation, par exemple dans le cadre de projets \u00e9ducatifs.<\/p>\n<p>La r\u00e9utilisation n'est pas possible ? Dans ce cas, l'appareil est trait\u00e9 conform\u00e9ment aux directives de WEEELABEX. Les mat\u00e9riaux pr\u00e9cieux sont r\u00e9cup\u00e9r\u00e9s et les substances nocives \u00e9limin\u00e9es de mani\u00e8re responsable.<\/p>\n                            <\/div>\n                        <\/div>\n                                        <div class=\"column\">\n                        <div class=\"content\">\n                            <h4>Nous rachetons vos vieux ordinateurs portables<\/h4>\n<p>Vous souhaitez vendre de vieux ordinateurs portables ? Contactez-nous \u00e0 l'adresse opkoop@reuzado.nl ou appelez le 023 5519821. Nous discuterons ensemble du nombre, du type et de l'\u00e9tat des appareils. Sur cette base, nous vous ferons une offre conforme au march\u00e9, sans surprise par la suite. L'enl\u00e8vement est possible \u00e0 votre convenance, m\u00eame en dehors des heures de bureau.<\/p>\n                                                            <div class=\"button-holder\">\n                                                                            <a href=\"https:\/\/reuzado.nl\/fr\/contact\/\"\n                                            target=\"_self\"\n                                            class=\"button\">Prendre contact<\/a>\n                                                                                                        <\/div>\n                                                    <\/div>\n                    <\/div>\n                <\/div>\n            <\/div>\n        <\/div>\n\n    \n\n    <div  class=\"section section-faq  has-no-bg has-no-pattern\">\n        \n        <div class=\"container\">\n                        <div class=\"faq-wrapper\">\n                <div class=\"faq\">\n                                                                        <div class=\"faq-title\">\n                                <h2>Questions fr\u00e9quemment pos\u00e9es sur le recyclage des ordinateurs portables<\/h2>\n                            <\/div>\n                                            \n                                            <div class=\"faq-items-wrapper\">\n                                                            <div class=\"faq-item\">\n                                    <div class=\"faq-heading toggle-heading\">\n                                        <h3>Quels sont les appareils qui peuvent \u00eatre recycl\u00e9s ?<\/h3>\n                                        <i class=\"icon opened\"><\/i>\n                                    <\/div>\n                                    <div class=\"faq-body toggle-body is-opened\">\n                                        <p>Tous les types d'ordinateurs portables sont les bienvenus : des mod\u00e8les professionnels \u00e0 l'usage priv\u00e9, complets ou incomplets, en \u00e9tat de marche ou d\u00e9fectueux. Les accessoires tels que les chargeurs peuvent \u00e9galement \u00eatre d\u00e9pos\u00e9s.<\/p>\n                                    <\/div>\n                                <\/div>\n                                                            <div class=\"faq-item\">\n                                    <div class=\"faq-heading toggle-heading\">\n                                        <h3>Qu'est-ce que le recyclage d'ordinateurs portables ?<\/h3>\n                                        <i class=\"icon closed\"><\/i>\n                                    <\/div>\n                                    <div class=\"faq-body toggle-body hidden\">\n                                        <p>Le recyclage des ordinateurs portables est l'\u00e9limination s\u00fbre et durable des ordinateurs portables mis au rebut. Les pi\u00e8ces r\u00e9utilisables ont une seconde vie, le reste est trait\u00e9 dans le respect de l'environnement et toutes les donn\u00e9es sont supprim\u00e9es.<\/p>\n                                    <\/div>\n                                <\/div>\n                                                            <div class=\"faq-item\">\n                                    <div class=\"faq-heading toggle-heading\">\n                                        <h3>Qu'advient-il de mes donn\u00e9es sur l'ancien ordinateur portable ?<\/h3>\n                                        <i class=\"icon closed\"><\/i>\n                                    <\/div>\n                                    <div class=\"faq-body toggle-body hidden\">\n                                        <p>Toutes les donn\u00e9es sont supprim\u00e9es de mani\u00e8re certifi\u00e9e, qu'il s'agisse de donn\u00e9es logicielles ou physiques. Vous recevez toujours un certificat de destruction des donn\u00e9es.<\/p>\n                                    <\/div>\n                                <\/div>\n                                                            <div class=\"faq-item\">\n                                    <div class=\"faq-heading toggle-heading\">\n                                        <h3>Le recyclage des ordinateurs portables est-il gratuit ?<\/h3>\n                                        <i class=\"icon closed\"><\/i>\n                                    <\/div>\n                                    <div class=\"faq-body toggle-body hidden\">\n                                        <p>Dans de nombreux cas, le recyclage des ordinateurs portables est gratuit, en particulier pour les grandes quantit\u00e9s ou s'ils ont une valeur r\u00e9siduelle. Les co\u00fbts \u00e9ventuels seront discut\u00e9s \u00e0 l'avance.<\/p>\n                                    <\/div>\n                                <\/div>\n                                                            <div class=\"faq-item\">\n                                    <div class=\"faq-heading toggle-heading\">\n                                        <h3>En tant que particulier, puis-je \u00e9galement faire recycler mes ordinateurs portables ?<\/h3>\n                                        <i class=\"icon closed\"><\/i>\n                                    <\/div>\n                                    <div class=\"faq-body toggle-body hidden\">\n                                        <p>Bien s\u00fbr. Tant les entreprises que les particuliers peuvent s'adresser \u00e0 nous pour le recyclage de leurs ordinateurs portables. N'h\u00e9sitez pas \u00e0 nous contacter pour conna\u00eetre les possibilit\u00e9s.<\/p>\n                                    <\/div>\n                                <\/div>\n                                                            <div class=\"faq-item\">\n                                    <div class=\"faq-heading toggle-heading\">\n                                        <h3>Dans quel d\u00e9lai pouvez-vous r\u00e9cup\u00e9rer mes anciens ordinateurs portables ?<\/h3>\n                                        <i class=\"icon closed\"><\/i>\n                                    <\/div>\n                                    <div class=\"faq-body toggle-body hidden\">\n                                        <p>Nous pouvons souvent passer dans un d\u00e9lai de quelques jours ouvrables. Une collecte en dehors des heures de bureau est \u00e9galement possible sur demande.<\/p>\n                                    <\/div>\n                                <\/div>\n                                                    <\/div>\n                                    <\/div>\n            <\/div>\n        <\/div>\n    <\/div>","protected":false},"excerpt":{"rendered":"","protected":false},"author":1,"featured_media":0,"parent":756,"menu_order":0,"comment_status":"closed","ping_status":"closed","template":"","meta":{"_acf_changed":false,"footnotes":""},"class_list":["post-765","page","type-page","status-publish","hentry"],"acf":[],"_links":{"self":[{"href":"https:\/\/reuzado.nl\/fr\/wp-json\/wp\/v2\/pages\/765","targetHints":{"allow":["GET"]}}],"collection":[{"href":"https:\/\/reuzado.nl\/fr\/wp-json\/wp\/v2\/pages"}],"about":[{"href":"https:\/\/reuzado.nl\/fr\/wp-json\/wp\/v2\/types\/page"}],"author":[{"embeddable":true,"href":"https:\/\/reuzado.nl\/fr\/wp-json\/wp\/v2\/users\/1"}],"replies":[{"embeddable":true,"href":"https:\/\/reuzado.nl\/fr\/wp-json\/wp\/v2\/comments?post=765"}],"version-history":[{"count":0,"href":"https:\/\/reuzado.nl\/fr\/wp-json\/wp\/v2\/pages\/765\/revisions"}],"up":[{"embeddable":true,"href":"https:\/\/reuzado.nl\/fr\/wp-json\/wp\/v2\/pages\/756"}],"wp:attachment":[{"href":"https:\/\/reuzado.nl\/fr\/wp-json\/wp\/v2\/media?parent=765"}],"curies":[{"name":"wp","href":"https:\/\/api.w.org\/{rel}","templated":true}]}}